{"id":206,"date":"2021-10-11T04:21:41","date_gmt":"2021-10-11T04:21:41","guid":{"rendered":"http:\/\/localhost\/wordpress\/?page_id=206"},"modified":"2021-11-28T19:50:03","modified_gmt":"2021-11-28T19:50:03","slug":"actualidad","status":"publish","type":"page","link":"https:\/\/www.servandogaleria.cu\/en\/actualidad\/","title":{"rendered":"Present"},"content":{"rendered":"<div data-elementor-type=\"wp-page\" data-elementor-id=\"206\" class=\"elementor elementor-206\" data-elementor-settings=\"[]\">\n\t\t\t\t\t\t\t<div class=\"elementor-section-wrap\">\n\t\t\t\t\t\t\t<section class=\"elementor-section elementor-top-section elementor-element elementor-element-6ee7220 elementor-section-boxed elementor-section-height-default elementor-section-height-default\" data-id=\"6ee7220\" data-element_type=\"section\">\n\t\t\t\t\t\t<div class=\"elementor-container elementor-column-gap-default\">\n\t\t\t\t\t<div class=\"elementor-column elementor-col-100 elementor-top-column elementor-element elementor-element-c90c840\" data-id=\"c90c840\" data-element_type=\"column\">\n\t\t\t<div class=\"elementor-widget-wrap elementor-element-populated\">\n\t\t\t\t\t\t\r\n\t\t<div class=\"elementor-element elementor-element-76ecb9a elementor-widget elementor-widget-shortcode\" data-id=\"76ecb9a\" data-element_type=\"widget\" data-widget_type=\"shortcode.default\">\n\t\t\t\t<div class=\"elementor-widget-container\">\n\t\t\t\t\t<div class=\"elementor-shortcode\">\n<div id=\"pcp_wrapper-951\" class=\"sp-pcp-section sp-pcp-container pcp-wrapper-951\">\n\t<div class=\"sp-pcp-row\">\n\t\t\t\t<div class=\"sp-pcp-col-xs-1 sp-pcp-col-sm-2 sp-pcp-col-md-2 sp-pcp-col-lg-3 sp-pcp-col-xl-3\">\n\t\t\t<div class=\"sp-pcp-post pcp-item-3741\" data-id=\"3741\">\n\t\t\t\t\t\t\t\t<div class=\"pcp-post-thumb-wrapper\">\n\t\t\t\t\t<div class=\"sp-pcp-post-thumb-area\">\n\t\t\t\t\t\t\t\t\t\t\t\t<a class=\"sp-pcp-thumb\" href=\"https:\/\/www.servandogaleria.cu\/en\/galeria-servando-inaugura-proximamente-el-prestidigitador-exposicion-personal-de-gabriel-cisneros\/\" target=\"_self\" >\n\t\t\t\t\t\t\t\t\t\t\t\t\t<img loading=\"lazy\" src=\"https:\/\/www.servandogaleria.cu\/wp-content\/uploads\/2023\/09\/WhatsApp-Image-2023-09-24-at-8.55.24-PM-920x920.jpeg\" width=\"920\" height=\"920\" alt=\"\">\n\t\t\t\t\t\t<\/a>\n\t\t\t\t\t<\/div>\n\t\t\t\t<\/div>\n\t\t\t\t\t\t\t<h2 class=\"sp-pcp-title\">\n\t\t\t\t\t\t\t\t\t<a href=\"https:\/\/www.servandogaleria.cu\/en\/galeria-servando-inaugura-proximamente-el-prestidigitador-exposicion-personal-de-gabriel-cisneros\/\"  target=\"_self\">Galer\u00eda Servando inaugura pr\u00f3ximamente &#8220;El prestidigitador&#8221;, exposici\u00f3n personal de Gabriel Cisneros<\/a>\t\t\t\t\t\t\t<\/h2>\n\t\t\t\t\t\t<div class=\"sp-pcp-post-meta\">\n\t\t\t<ul><li>\t\t\t\t\t<i class=\"fa fa-user\"><\/i>\n\t\t\t\t\t<a href=\"https:\/\/www.servandogaleria.cu\/en\/author\/servando\/\"\n\t\t\t\t\t\trel=\"author\">servando<\/a>\n\t\t\t\t\t<\/li> <li>\t\t\t\t\t<i class=\"fa fa-calendar\"><\/i>\n\n<time class=\"entry-date published updated\">25 de September de 2023<\/time>\n\t\t\t\t\t<\/li><\/ul>\t\t<\/div>\n\t\t\t\t\t\t<\/div>\n\t\t<\/div>\n\t\t\t\t<div class=\"sp-pcp-col-xs-1 sp-pcp-col-sm-2 sp-pcp-col-md-2 sp-pcp-col-lg-3 sp-pcp-col-xl-3\">\n\t\t\t<div class=\"sp-pcp-post pcp-item-3590\" data-id=\"3590\">\n\t\t\t\t\t\t\t\t<div class=\"pcp-post-thumb-wrapper\">\n\t\t\t\t\t<div class=\"sp-pcp-post-thumb-area\">\n\t\t\t\t\t\t\t\t\t\t\t\t<a class=\"sp-pcp-thumb\" href=\"https:\/\/www.servandogaleria.cu\/en\/galeria-servando-inaugura-exposicion-personal-de-niels-reyes-el-toro-por-las-astas\/\" target=\"_self\" >\n\t\t\t\t\t\t\t\t\t\t\t\t\t<img loading=\"lazy\" src=\"https:\/\/www.servandogaleria.cu\/wp-content\/uploads\/2023\/08\/WhatsApp-Image-2023-08-17-at-8.14.00-PM.jpeg\" width=\"886\" height=\"1240\" alt=\"\">\n\t\t\t\t\t\t<\/a>\n\t\t\t\t\t<\/div>\n\t\t\t\t<\/div>\n\t\t\t\t\t\t\t<h2 class=\"sp-pcp-title\">\n\t\t\t\t\t\t\t\t\t<a href=\"https:\/\/www.servandogaleria.cu\/en\/galeria-servando-inaugura-exposicion-personal-de-niels-reyes-el-toro-por-las-astas\/\"  target=\"_self\">Galer\u00eda Servando inaugura exposici\u00f3n personal de Niels Reyes, &#8220;El toro por las astas&#8221;<\/a>\t\t\t\t\t\t\t<\/h2>\n\t\t\t\t\t\t<div class=\"sp-pcp-post-meta\">\n\t\t\t<ul><li>\t\t\t\t\t<i class=\"fa fa-user\"><\/i>\n\t\t\t\t\t<a href=\"https:\/\/www.servandogaleria.cu\/en\/author\/servando\/\"\n\t\t\t\t\t\trel=\"author\">servando<\/a>\n\t\t\t\t\t<\/li> <li>\t\t\t\t\t<i class=\"fa fa-calendar\"><\/i>\n\n<time class=\"entry-date published updated\">7 de August de 2023<\/time>\n\t\t\t\t\t<\/li><\/ul>\t\t<\/div>\n\t\t\t\t\t\t<\/div>\n\t\t<\/div>\n\t\t\t\t<div class=\"sp-pcp-col-xs-1 sp-pcp-col-sm-2 sp-pcp-col-md-2 sp-pcp-col-lg-3 sp-pcp-col-xl-3\">\n\t\t\t<div class=\"sp-pcp-post pcp-item-3686\" data-id=\"3686\">\n\t\t\t\t\t\t\t\t<div class=\"pcp-post-thumb-wrapper\">\n\t\t\t\t\t<div class=\"sp-pcp-post-thumb-area\">\n\t\t\t\t\t\t\t\t\t\t\t\t<a class=\"sp-pcp-thumb\" href=\"https:\/\/www.servandogaleria.cu\/en\/taller-de-verano-para-los-ninos-en-galeria-servando\/\" target=\"_self\" >\n\t\t\t\t\t\t\t\t\t\t\t\t\t<img loading=\"lazy\" src=\"https:\/\/www.servandogaleria.cu\/wp-content\/uploads\/2023\/09\/DSC_003-920x658.jpg\" width=\"920\" height=\"658\" alt=\"\">\n\t\t\t\t\t\t<\/a>\n\t\t\t\t\t<\/div>\n\t\t\t\t<\/div>\n\t\t\t\t\t\t\t<h2 class=\"sp-pcp-title\">\n\t\t\t\t\t\t\t\t\t<a href=\"https:\/\/www.servandogaleria.cu\/en\/taller-de-verano-para-los-ninos-en-galeria-servando\/\"  target=\"_self\">Taller de verano para los ni\u00f1os en Galer\u00eda Servando<\/a>\t\t\t\t\t\t\t<\/h2>\n\t\t\t\t\t\t<div class=\"sp-pcp-post-meta\">\n\t\t\t<ul><li>\t\t\t\t\t<i class=\"fa fa-user\"><\/i>\n\t\t\t\t\t<a href=\"https:\/\/www.servandogaleria.cu\/en\/author\/servando\/\"\n\t\t\t\t\t\trel=\"author\">servando<\/a>\n\t\t\t\t\t<\/li> <li>\t\t\t\t\t<i class=\"fa fa-calendar\"><\/i>\n\n<time class=\"entry-date published updated\">28 de July de 2023<\/time>\n\t\t\t\t\t<\/li><\/ul>\t\t<\/div>\n\t\t\t\t\t\t<\/div>\n\t\t<\/div>\n\t\t\t\t<div class=\"sp-pcp-col-xs-1 sp-pcp-col-sm-2 sp-pcp-col-md-2 sp-pcp-col-lg-3 sp-pcp-col-xl-3\">\n\t\t\t<div class=\"sp-pcp-post pcp-item-3388\" data-id=\"3388\">\n\t\t\t\t\t\t\t\t<div class=\"pcp-post-thumb-wrapper\">\n\t\t\t\t\t<div class=\"sp-pcp-post-thumb-area\">\n\t\t\t\t\t\t\t\t\t\t\t\t<a class=\"sp-pcp-thumb\" href=\"https:\/\/www.servandogaleria.cu\/en\/sirenia\/\" target=\"_self\" >\n\t\t\t\t\t\t\t\t\t\t\t\t\t<img loading=\"lazy\" src=\"https:\/\/www.servandogaleria.cu\/wp-content\/uploads\/2022\/02\/brigade_cph_20211220_195544_0-920x920.jpg\" width=\"920\" height=\"920\" alt=\"\">\n\t\t\t\t\t\t<\/a>\n\t\t\t\t\t<\/div>\n\t\t\t\t<\/div>\n\t\t\t\t\t\t\t<h2 class=\"sp-pcp-title\">\n\t\t\t\t\t\t\t\t\t<a href=\"https:\/\/www.servandogaleria.cu\/en\/sirenia\/\"  target=\"_self\">Sirenia<\/a>\t\t\t\t\t\t\t<\/h2>\n\t\t\t\t\t\t<div class=\"sp-pcp-post-meta\">\n\t\t\t<ul><li>\t\t\t\t\t<i class=\"fa fa-user\"><\/i>\n\t\t\t\t\t<a href=\"https:\/\/www.servandogaleria.cu\/en\/author\/administrador\/\"\n\t\t\t\t\t\trel=\"author\">informatica<\/a>\n\t\t\t\t\t<\/li> <li>\t\t\t\t\t<i class=\"fa fa-calendar\"><\/i>\n\n<time class=\"entry-date published updated\">5 de February de 2022<\/time>\n\t\t\t\t\t<\/li><\/ul>\t\t<\/div>\n\t\t\t\t\t\t<\/div>\n\t\t<\/div>\n\t\t\t<\/div>\n\t\t<span class=\"sp-pcp-pagination-data\" style=\"display:none;\"><\/span>\n\n\t\t<nav class=\"pcp-post-pagination pcp-on-desktop\">\n\t\t\t\t\t<\/nav>\n\t\t\t\t\t<nav class=\"pcp-post-pagination pcp-on-mobile\">\n\t\t\t\t\t<\/nav>\n\t\t\t\t<\/div>\n<\/div>\n\t\t\t\t<\/div>\n\t\t\t\t<\/div>\n\t\t\t\t\t<\/div>\n\t\t<\/div>\n\t\t\t\t\t\t\t<\/div>\n\t\t<\/section>\n\t\t\t\t\t\t<\/div>\n\t\t\t\t\t<\/div>","protected":false},"excerpt":{"rendered":"","protected":false},"author":2,"featured_media":0,"parent":0,"menu_order":0,"comment_status":"closed","ping_status":"closed","template":"elementor_theme","meta":{"kt_blocks_editor_width":""},"acf":[],"uagb_featured_image_src":{"full":false,"thumbnail":false,"medium":false,"medium_large":false,"large":false,"1536x1536":false,"2048x2048":false,"trp-custom-language-flag":false,"ultp_layout_landscape_large":false,"ultp_layout_landscape":false,"ultp_layout_portrait":false,"ultp_layout_square":false,"sydney-large-thumb":false,"sydney-medium-thumb":false,"sydney-small-thumb":false,"sydney-service-thumb":false,"sydney-mas-thumb":false,"mailpoet_newsletter_max":false},"uagb_author_info":{"display_name":"informatica","author_link":"https:\/\/www.servandogaleria.cu\/en\/author\/administrador\/"},"uagb_comment_info":0,"uagb_excerpt":null,"_links":{"self":[{"href":"https:\/\/www.servandogaleria.cu\/en\/wp-json\/wp\/v2\/pages\/206"}],"collection":[{"href":"https:\/\/www.servandogaleria.cu\/en\/wp-json\/wp\/v2\/pages"}],"about":[{"href":"https:\/\/www.servandogaleria.cu\/en\/wp-json\/wp\/v2\/types\/page"}],"author":[{"embeddable":true,"href":"https:\/\/www.servandogaleria.cu\/en\/wp-json\/wp\/v2\/users\/2"}],"replies":[{"embeddable":true,"href":"https:\/\/www.servandogaleria.cu\/en\/wp-json\/wp\/v2\/comments?post=206"}],"version-history":[{"count":4,"href":"https:\/\/www.servandogaleria.cu\/en\/wp-json\/wp\/v2\/pages\/206\/revisions"}],"predecessor-version":[{"id":955,"href":"https:\/\/www.servandogaleria.cu\/en\/wp-json\/wp\/v2\/pages\/206\/revisions\/955"}],"wp:attachment":[{"href":"https:\/\/www.servandogaleria.cu\/en\/wp-json\/wp\/v2\/media?parent=206"}],"curies":[{"name":"wp","href":"https:\/\/api.w.org\/{rel}","templated":true}]}}